{"id":203,"date":"2023-07-27T06:59:33","date_gmt":"2023-07-27T06:59:33","guid":{"rendered":"https:\/\/bw-hh.de\/?page_id=203"},"modified":"2025-02-04T14:37:50","modified_gmt":"2025-02-04T14:37:50","slug":"testseite","status":"publish","type":"page","link":"https:\/\/bw-hh.de\/","title":{"rendered":"Startseite"},"content":{"rendered":"<div class=\"fusion-fullwidth fullwidth-box fusion-builder-row-1 fusion-flex-container nonhundred-percent-fullwidth non-hundred-percent-height-scrolling\" style=\"--awb-border-radius-top-left:0px;--awb-border-radius-top-right:0px;--awb-border-radius-bottom-right:0px;--awb-border-radius-bottom-left:0px;--awb-flex-wrap:wrap;\" ><div class=\"fusion-builder-row fusion-row fusion-flex-align-items-flex-start fusion-flex-content-wrap\" style=\"max-width:1248px;margin-left: calc(-4% \/ 2 );margin-right: calc(-4% \/ 2 );\"><div class=\"fusion-layout-column fusion_builder_column fusion-builder-column-0 fusion_builder_column_1_1 1_1 fusion-flex-column\" style=\"--awb-bg-blend:overlay;--awb-bg-size:cover;--awb-width-large:100%;--awb-margin-top-large:0px;--awb-spacing-right-large:1.92%;--awb-margin-bottom-large:0px;--awb-spacing-left-large:1.92%;--awb-width-medium:100%;--awb-spacing-right-medium:1.92%;--awb-spacing-left-medium:1.92%;--awb-width-small:100%;--awb-spacing-right-small:1.92%;--awb-spacing-left-small:1.92%;\"><div class=\"fusion-column-wrapper fusion-flex-justify-content-flex-start fusion-content-layout-column\"><div class=\"fusion-separator fusion-full-width-sep\" style=\"align-self: center;margin-left: auto;margin-right: auto;margin-top:100px;width:100%;\"><div class=\"fusion-separator-border sep-double\" style=\"--awb-height:20px;--awb-amount:20px;border-color:var(--awb-color3);border-top-width:1px;border-bottom-width:1px;\"><\/div><\/div><div class=\"fusion-text fusion-text-1 fusion-text-no-margin\" style=\"--awb-content-alignment:center;--awb-margin-bottom:50px;\"><h2><\/h2>\n<p><img decoding=\"async\" class=\"alignnone size-full wp-image-25\" src=\"https:\/\/bw-hh.de\/wp-content\/uploads\/2023\/01\/Header1.jpg\" alt=\"\" width=\"1200\" height=\"300\" srcset=\"https:\/\/bw-hh.de\/wp-content\/uploads\/2023\/01\/Header1-200x50.jpg 200w, https:\/\/bw-hh.de\/wp-content\/uploads\/2023\/01\/Header1-300x75.jpg 300w, https:\/\/bw-hh.de\/wp-content\/uploads\/2023\/01\/Header1-400x100.jpg 400w, https:\/\/bw-hh.de\/wp-content\/uploads\/2023\/01\/Header1-600x150.jpg 600w, https:\/\/bw-hh.de\/wp-content\/uploads\/2023\/01\/Header1-768x192.jpg 768w, https:\/\/bw-hh.de\/wp-content\/uploads\/2023\/01\/Header1-800x200.jpg 800w, https:\/\/bw-hh.de\/wp-content\/uploads\/2023\/01\/Header1-1024x256.jpg 1024w, https:\/\/bw-hh.de\/wp-content\/uploads\/2023\/01\/Header1.jpg 1200w\" sizes=\"(max-width: 1200px) 100vw, 1200px\" \/><\/p>\n<\/div><div class=\"fusion-blog-shortcode fusion-blog-shortcode-1 fusion-blog-archive fusion-blog-layout-medium fusion-blog-pagination\" style=\"--awb-title-font-size:28px;\"><div class=\"fusion-posts-container fusion-posts-container-pagination fusion-blog-rollover\" data-pages=\"3\"><article id=\"blog-1-post-1253\" class=\"fusion-post-medium post-1253 post type-post status-publish format-standard has-post-thumbnail hentry category-studienfahrt\">\n\t<style type=\"text\/css\">\n\t\t\n\t\t\n\t\t\n\t\t\n\t\t\t<\/style>\n\n\n\t\t\t<div class=\"fusion-flexslider flexslider fusion-flexslider-loading fusion-post-slideshow\" style=\"\">\n\t\t<ul class=\"slides\">\n\t\t\t\n\t\t\t\t\t\t\t\t\t\t\t\t\t\t<li><div  class=\"fusion-image-wrapper fusion-image-size-fixed\" aria-haspopup=\"true\">\n\t\t\t\t<img decoding=\"async\" width=\"320\" height=\"202\" src=\"https:\/\/bw-hh.de\/wp-content\/uploads\/2026\/03\/Postkarte-klein-Einladung-Stolpersteine-Hesdoerffer-320x202.jpg\" class=\"attachment-blog-medium size-blog-medium wp-post-image\" alt=\"\" \/><div class=\"fusion-rollover\">\n\t<div class=\"fusion-rollover-content\">\n\n\t\t\t\t\t\t\t\t\t\t\t\t\t\t<a class=\"fusion-rollover-link\" href=\"https:\/\/bw-hh.de\/?p=1253\">Stolpersteinverlegung &#8211; Familie Hesd\u00f6rffer<\/a>\n\t\t\t\n\t\t\t\t\t\t\t\t\t\t\t\t\t\t\n\t\t\t\t\t\t\t\t\n\t\t\t\t\t\t\t\t\t\t\t\t\t<div class=\"fusion-rollover-sep\"><\/div>\n\t\t\t\t\n\t\t\t\t\t\t\t\t\t\t\t\t\t\t\t\t\t\t<a class=\"fusion-rollover-gallery\" href=\"https:\/\/bw-hh.de\/wp-content\/uploads\/2026\/03\/Postkarte-klein-Einladung-Stolpersteine-Hesdoerffer.jpg\" data-options=\"\" data-id=\"1253\" data-rel=\"iLightbox[gallery]\" data-title=\"Postkarte klein - Einladung Stolpersteine Hesd\u00f6rffer\" data-caption=\"\">\n\t\t\t\t\t\tGallerie\t\t\t\t\t<\/a>\n\t\t\t\t\t\t\t\t\t\t\t\t\t\t\n\t\t\n\t\t\t\t\t\t\t\t\t\t\t\t<h4 class=\"fusion-rollover-title\">\n\t\t\t\t\t<a class=\"fusion-rollover-title-link\" href=\"https:\/\/bw-hh.de\/?p=1253\">\n\t\t\t\t\t\tStolpersteinverlegung &#8211; Familie Hesd\u00f6rffer\t\t\t\t\t<\/a>\n\t\t\t\t<\/h4>\n\t\t\t\n\t\t\t\t\t\t\t\t\t\t<div class=\"fusion-rollover-categories\"><a href=\"https:\/\/bw-hh.de\/?cat=11\" rel=\"tag\">Studienfahrt<\/a><\/div>\t\t\t\t\t\n\t\t\n\t\t\t\t\t\t<a class=\"fusion-link-wrapper\" href=\"https:\/\/bw-hh.de\/?p=1253\" aria-label=\"Stolpersteinverlegung &#8211; Familie Hesd\u00f6rffer\"><\/a>\n\t<\/div>\n<\/div>\n<\/div>\n<\/li>\n\t\t\t\n\t\t\t\n\t\t\t\t\t\t\t\t\t\t\t\t\t\t\t\t\t\t\t\t\t\t\t\t\t\t\t\t\t\t\t\t\t\t\t\t\t\t\t\t\t\t\t\t\t\t\t\t\t\t\t\t\t\t\t\t\t\t\t\t\t\t\t\t\t\t\t\t<\/ul>\n\t<\/div>\n\t<div class=\"fusion-post-content post-content\"><h2 class=\"blog-shortcode-post-title entry-title\"><a href=\"https:\/\/bw-hh.de\/?p=1253\">Stolpersteinverlegung &#8211; Familie Hesd\u00f6rffer<\/a><\/h2><div class=\"fusion-post-content-container\"><p> IGS - Sophie Sondhelm - 55543 Bad Kreuznach\u00a0 \/\u00a0 \u00a0 \u00a011.06.2026\u00a0 \u00a0 \u00a0\/ \u00a0 Stolpersteinverlegung\u00a0 \u00a0\/\u00a0 \u00a0 Zum Gedenken an den Bundesverdienstkreuztr\u00e4ger Heinz Hesd\u00f6rffer und seine Familie l\u00e4dt die IGS Sophie Sondhelm - Bad Kreuznach herzlich zur feierlichen Verlegung der Stolpersteine f\u00fcr Karl, Johanna, Ernst und Heinz Hesd\u00f6rffer ein. Die Verlegung findet statt am Donnerstag, 11. Juni 2026, um [...]<\/p><\/div><\/div><div class=\"fusion-clearfix\"><\/div><div class=\"fusion-meta-info\"><div class=\"fusion-alignleft\">By <span class=\"vcard\"><span class=\"fn\"><a href=\"https:\/\/bw-hh.de\/?author=1\" title=\"Beitr\u00e4ge von admin\" rel=\"author\">admin<\/a><\/span><\/span><span class=\"fusion-inline-sep\">|<\/span><span class=\"updated\" style=\"display:none;\">2026-03-13T08:31:54+00:00<\/span><span>13\/03\/26<\/span><span class=\"fusion-inline-sep\">|<\/span>Categories: <a href=\"https:\/\/bw-hh.de\/?cat=11\" rel=\"category\">Studienfahrt<\/a><span class=\"fusion-inline-sep\">|<\/span><span class=\"fusion-comments\"><a href=\"https:\/\/bw-hh.de\/?p=1253#respond\">0 Comments<\/a><\/span><\/div><div class=\"fusion-alignright\"><a class=\"fusion-read-more\" href=\"https:\/\/bw-hh.de\/?p=1253\" aria-label=\"More on Stolpersteinverlegung &#8211; Familie Hesd\u00f6rffer\">Read More<\/a><\/div><\/div><\/article>\n<article id=\"blog-1-post-1246\" class=\"fusion-post-medium post-1246 post type-post status-publish format-standard has-post-thumbnail hentry category-studienfahrt\">\n\t<style type=\"text\/css\">\n\t\t\n\t\t\n\t\t\n\t\t\n\t\t\t<\/style>\n\n\n\t\t\t<div class=\"fusion-flexslider flexslider fusion-flexslider-loading fusion-post-slideshow\" style=\"\">\n\t\t<ul class=\"slides\">\n\t\t\t\n\t\t\t\t\t\t\t\t\t\t\t\t\t\t<li><div  class=\"fusion-image-wrapper fusion-image-size-fixed\" aria-haspopup=\"true\">\n\t\t\t\t<img decoding=\"async\" width=\"320\" height=\"202\" src=\"https:\/\/bw-hh.de\/wp-content\/uploads\/2025\/12\/PA-2501_Opferbuch_Home-320x202.jpg\" class=\"attachment-blog-medium size-blog-medium wp-post-image\" alt=\"\" srcset=\"https:\/\/bw-hh.de\/wp-content\/uploads\/2025\/12\/PA-2501_Opferbuch_Home-320x202.jpg 320w, https:\/\/bw-hh.de\/wp-content\/uploads\/2025\/12\/PA-2501_Opferbuch_Home-700x441.jpg 700w\" sizes=\"(max-width: 320px) 100vw, 320px\" \/><div class=\"fusion-rollover\">\n\t<div class=\"fusion-rollover-content\">\n\n\t\t\t\t\t\t\t\t\t\t\t\t\t\t<a class=\"fusion-rollover-link\" href=\"https:\/\/bw-hh.de\/?p=1246\">Wir wollen nicht vergessen &#8211; Studienfahrt Auschwitz &#8211; Birkenau &#8211; Krakau &#8211; G\u00f6rlitz<\/a>\n\t\t\t\n\t\t\t\t\t\t\t\t\t\t\t\t\t\t\n\t\t\t\t\t\t\t\t\n\t\t\t\t\t\t\t\t\t\t\t\t\t<div class=\"fusion-rollover-sep\"><\/div>\n\t\t\t\t\n\t\t\t\t\t\t\t\t\t\t\t\t\t\t\t\t\t\t<a class=\"fusion-rollover-gallery\" href=\"https:\/\/bw-hh.de\/wp-content\/uploads\/2025\/12\/PA-2501_Opferbuch_Home.jpg\" data-options=\"\" data-id=\"1246\" data-rel=\"iLightbox[gallery]\" data-title=\"PA-2501_Opferbuch_Home\" data-caption=\"\">\n\t\t\t\t\t\tGallerie\t\t\t\t\t<\/a>\n\t\t\t\t\t\t\t\t\t\t\t\t\t\t\n\t\t\n\t\t\t\t\t\t\t\t\t\t\t\t<h4 class=\"fusion-rollover-title\">\n\t\t\t\t\t<a class=\"fusion-rollover-title-link\" href=\"https:\/\/bw-hh.de\/?p=1246\">\n\t\t\t\t\t\tWir wollen nicht vergessen &#8211; Studienfahrt Auschwitz &#8211; Birkenau &#8211; Krakau &#8211; G\u00f6rlitz\t\t\t\t\t<\/a>\n\t\t\t\t<\/h4>\n\t\t\t\n\t\t\t\t\t\t\t\t\t\t<div class=\"fusion-rollover-categories\"><a href=\"https:\/\/bw-hh.de\/?cat=11\" rel=\"tag\">Studienfahrt<\/a><\/div>\t\t\t\t\t\n\t\t\n\t\t\t\t\t\t<a class=\"fusion-link-wrapper\" href=\"https:\/\/bw-hh.de\/?p=1246\" aria-label=\"Wir wollen nicht vergessen &#8211; Studienfahrt Auschwitz &#8211; Birkenau &#8211; Krakau &#8211; G\u00f6rlitz\"><\/a>\n\t<\/div>\n<\/div>\n<\/div>\n<\/li>\n\t\t\t\n\t\t\t\n\t\t\t\t\t\t\t\t\t\t\t\t\t\t\t\t\t\t\t\t\t\t\t\t\t\t\t\t\t\t\t\t\t\t\t\t\t\t\t\t\t\t\t\t\t\t\t\t\t\t\t\t\t\t\t\t\t\t\t\t\t\t\t\t\t\t\t\t<\/ul>\n\t<\/div>\n\t<div class=\"fusion-post-content post-content\"><h2 class=\"blog-shortcode-post-title entry-title\"><a href=\"https:\/\/bw-hh.de\/?p=1246\">Wir wollen nicht vergessen &#8211; Studienfahrt Auschwitz &#8211; Birkenau &#8211; Krakau &#8211; G\u00f6rlitz<\/a><\/h2><div class=\"fusion-post-content-container\"><p> Fachstelle f\u00fcr Jugend - 55545 Bad Kreuznach\u00a0 \u00a0 \u00a0\/\u00a0 \u00a0\u00a0 12.07.2025 - 19.07.2025\u00a0 \u00a0 \u00a0\/ \u00a0 Wir wollen nicht vergessen\u00a0 \u00a0\/\u00a0 \u00a0 Die Fachstelle Jugend im Visitationsbezirk Koblenz\/Bad Kreuznach in Kooperation mit dem Pastoralen Raum Idar-Oberstein war vom 12. bis 19. Juli 2025 unter dem Motto \u201eWir wollen nicht vergessen!\u201c mit einer Gruppe von 15 Jugendlichen ab 15 Jahren [...]<\/p><\/div><\/div><div class=\"fusion-clearfix\"><\/div><div class=\"fusion-meta-info\"><div class=\"fusion-alignleft\">By <span class=\"vcard\"><span class=\"fn\"><a href=\"https:\/\/bw-hh.de\/?author=1\" title=\"Beitr\u00e4ge von admin\" rel=\"author\">admin<\/a><\/span><\/span><span class=\"fusion-inline-sep\">|<\/span><span class=\"updated\" style=\"display:none;\">2025-12-19T12:13:17+00:00<\/span><span>19\/07\/25<\/span><span class=\"fusion-inline-sep\">|<\/span>Categories: <a href=\"https:\/\/bw-hh.de\/?cat=11\" rel=\"category\">Studienfahrt<\/a><span class=\"fusion-inline-sep\">|<\/span><span class=\"fusion-comments\"><a href=\"https:\/\/bw-hh.de\/?p=1246#respond\">0 Comments<\/a><\/span><\/div><div class=\"fusion-alignright\"><a class=\"fusion-read-more\" href=\"https:\/\/bw-hh.de\/?p=1246\" aria-label=\"More on Wir wollen nicht vergessen &#8211; Studienfahrt Auschwitz &#8211; Birkenau &#8211; Krakau &#8211; G\u00f6rlitz\">Read More<\/a><\/div><\/div><\/article>\n<article id=\"blog-1-post-1216\" class=\"fusion-post-medium post-1216 post type-post status-publish format-standard has-post-thumbnail hentry category-studienfahrt\">\n\t<style type=\"text\/css\">\n\t\t\n\t\t\n\t\t\n\t\t\n\t\t\t<\/style>\n\n\n\t\t\t<div class=\"fusion-flexslider flexslider fusion-flexslider-loading fusion-post-slideshow\" style=\"\">\n\t\t<ul class=\"slides\">\n\t\t\t\n\t\t\t\t\t\t\t\t\t\t\t\t\t\t<li><div  class=\"fusion-image-wrapper fusion-image-size-fixed\" aria-haspopup=\"true\">\n\t\t\t\t<img decoding=\"async\" width=\"320\" height=\"202\" src=\"https:\/\/bw-hh.de\/wp-content\/uploads\/2025\/11\/PA-2502_002a-Berlin_Home-320x202.jpeg\" class=\"attachment-blog-medium size-blog-medium wp-post-image\" alt=\"\" \/><div class=\"fusion-rollover\">\n\t<div class=\"fusion-rollover-content\">\n\n\t\t\t\t\t\t\t\t\t\t\t\t\t\t<a class=\"fusion-rollover-link\" href=\"https:\/\/bw-hh.de\/?p=1216\">Erinnern f\u00fcr die Zukunft &#8211; Bildungspolitische Fahrt nach Berlin<\/a>\n\t\t\t\n\t\t\t\t\t\t\t\t\t\t\t\t\t\t\n\t\t\t\t\t\t\t\t\n\t\t\t\t\t\t\t\t\t\t\t\t\t<div class=\"fusion-rollover-sep\"><\/div>\n\t\t\t\t\n\t\t\t\t\t\t\t\t\t\t\t\t\t\t\t\t\t\t<a class=\"fusion-rollover-gallery\" href=\"https:\/\/bw-hh.de\/wp-content\/uploads\/2025\/11\/PA-2502_002a-Berlin_Home.jpeg\" data-options=\"\" data-id=\"1216\" data-rel=\"iLightbox[gallery]\" data-title=\"PA-2502_002a-Berlin_Home\" data-caption=\"\">\n\t\t\t\t\t\tGallerie\t\t\t\t\t<\/a>\n\t\t\t\t\t\t\t\t\t\t\t\t\t\t\n\t\t\n\t\t\t\t\t\t\t\t\t\t\t\t<h4 class=\"fusion-rollover-title\">\n\t\t\t\t\t<a class=\"fusion-rollover-title-link\" href=\"https:\/\/bw-hh.de\/?p=1216\">\n\t\t\t\t\t\tErinnern f\u00fcr die Zukunft &#8211; Bildungspolitische Fahrt nach Berlin\t\t\t\t\t<\/a>\n\t\t\t\t<\/h4>\n\t\t\t\n\t\t\t\t\t\t\t\t\t\t<div class=\"fusion-rollover-categories\"><a href=\"https:\/\/bw-hh.de\/?cat=11\" rel=\"tag\">Studienfahrt<\/a><\/div>\t\t\t\t\t\n\t\t\n\t\t\t\t\t\t<a class=\"fusion-link-wrapper\" href=\"https:\/\/bw-hh.de\/?p=1216\" aria-label=\"Erinnern f\u00fcr die Zukunft &#8211; Bildungspolitische Fahrt nach Berlin\"><\/a>\n\t<\/div>\n<\/div>\n<\/div>\n<\/li>\n\t\t\t\n\t\t\t\n\t\t\t\t\t\t\t\t\t\t\t\t\t\t\t\t\t\t\t\t\t\t\t\t\t\t\t\t\t\t\t\t\t\t\t\t\t\t\t\t\t\t\t\t\t\t\t\t\t\t\t\t\t\t\t\t\t\t\t\t\t\t\t\t\t\t\t\t<\/ul>\n\t<\/div>\n\t<div class=\"fusion-post-content post-content\"><h2 class=\"blog-shortcode-post-title entry-title\"><a href=\"https:\/\/bw-hh.de\/?p=1216\">Erinnern f\u00fcr die Zukunft &#8211; Bildungspolitische Fahrt nach Berlin<\/a><\/h2><div class=\"fusion-post-content-container\"><p> Fachstelle f\u00fcr Jugend - 55545 Bad Kreuznach\u00a0 \u00a0 \u00a0\/\u00a0 \u00a0\u00a0 29.05.2025 - 01.06.2025\u00a0 \u00a0 \u00a0\/ \u00a0 Erinnern f\u00fcr die Zukunft - Berlin\u00a0 \u00a0\/\u00a0 \u00a0 Geschichte begreifen \u2013 das war das Ziel einer Fahrt nach Berlin. Eine Jugendgruppe machte sich dort auf die Suche nach Spuren des Nationalsozialismus \u2013 als intensive Vorbereitung auf die kommende Bildungsfahrt nach Auschwitz und Krakau. [...]<\/p><\/div><\/div><div class=\"fusion-clearfix\"><\/div><div class=\"fusion-meta-info\"><div class=\"fusion-alignleft\">By <span class=\"vcard\"><span class=\"fn\"><a href=\"https:\/\/bw-hh.de\/?author=1\" title=\"Beitr\u00e4ge von admin\" rel=\"author\">admin<\/a><\/span><\/span><span class=\"fusion-inline-sep\">|<\/span><span class=\"updated\" style=\"display:none;\">2025-11-05T19:07:58+00:00<\/span><span>29\/05\/25<\/span><span class=\"fusion-inline-sep\">|<\/span>Categories: <a href=\"https:\/\/bw-hh.de\/?cat=11\" rel=\"category\">Studienfahrt<\/a><span class=\"fusion-inline-sep\">|<\/span><span class=\"fusion-comments\"><a href=\"https:\/\/bw-hh.de\/?p=1216#respond\">0 Comments<\/a><\/span><\/div><div class=\"fusion-alignright\"><a class=\"fusion-read-more\" href=\"https:\/\/bw-hh.de\/?p=1216\" aria-label=\"More on Erinnern f\u00fcr die Zukunft &#8211; Bildungspolitische Fahrt nach Berlin\">Read More<\/a><\/div><\/div><\/article>\n<article id=\"blog-1-post-1234\" class=\"fusion-post-medium post-1234 post type-post status-publish format-standard has-post-thumbnail hentry category-studienfahrt\">\n\t<style type=\"text\/css\">\n\t\t\n\t\t\n\t\t\n\t\t\n\t\t\t<\/style>\n\n\n\t\t\t<div class=\"fusion-flexslider flexslider fusion-flexslider-loading fusion-post-slideshow\" style=\"\">\n\t\t<ul class=\"slides\">\n\t\t\t\n\t\t\t\t\t\t\t\t\t\t\t\t\t\t<li><div  class=\"fusion-image-wrapper fusion-image-size-fixed\" aria-haspopup=\"true\">\n\t\t\t\t<img decoding=\"async\" width=\"320\" height=\"202\" src=\"https:\/\/bw-hh.de\/wp-content\/uploads\/2025\/11\/PA-2504_001-Stammlager_Home-320x202.jpg\" class=\"attachment-blog-medium size-blog-medium wp-post-image\" alt=\"\" \/><div class=\"fusion-rollover\">\n\t<div class=\"fusion-rollover-content\">\n\n\t\t\t\t\t\t\t\t\t\t\t\t\t\t<a class=\"fusion-rollover-link\" href=\"https:\/\/bw-hh.de\/?p=1234\">Fahrt zur Gedenkst\u00e4tte Auschwitz und Krakau<\/a>\n\t\t\t\n\t\t\t\t\t\t\t\t\t\t\t\t\t\t\n\t\t\t\t\t\t\t\t\n\t\t\t\t\t\t\t\t\t\t\t\t\t<div class=\"fusion-rollover-sep\"><\/div>\n\t\t\t\t\n\t\t\t\t\t\t\t\t\t\t\t\t\t\t\t\t\t\t<a class=\"fusion-rollover-gallery\" href=\"https:\/\/bw-hh.de\/wp-content\/uploads\/2025\/11\/PA-2504_001-Stammlager_Home-rotated.jpg\" data-options=\"\" data-id=\"1234\" data-rel=\"iLightbox[gallery]\" data-title=\"PA-2504_001-Stammlager_Home\" data-caption=\"\">\n\t\t\t\t\t\tGallerie\t\t\t\t\t<\/a>\n\t\t\t\t\t\t\t\t\t\t\t\t\t\t\n\t\t\n\t\t\t\t\t\t\t\t\t\t\t\t<h4 class=\"fusion-rollover-title\">\n\t\t\t\t\t<a class=\"fusion-rollover-title-link\" href=\"https:\/\/bw-hh.de\/?p=1234\">\n\t\t\t\t\t\tFahrt zur Gedenkst\u00e4tte Auschwitz und Krakau\t\t\t\t\t<\/a>\n\t\t\t\t<\/h4>\n\t\t\t\n\t\t\t\t\t\t\t\t\t\t<div class=\"fusion-rollover-categories\"><a href=\"https:\/\/bw-hh.de\/?cat=11\" rel=\"tag\">Studienfahrt<\/a><\/div>\t\t\t\t\t\n\t\t\n\t\t\t\t\t\t<a class=\"fusion-link-wrapper\" href=\"https:\/\/bw-hh.de\/?p=1234\" aria-label=\"Fahrt zur Gedenkst\u00e4tte Auschwitz und Krakau\"><\/a>\n\t<\/div>\n<\/div>\n<\/div>\n<\/li>\n\t\t\t\n\t\t\t\n\t\t\t\t\t\t\t\t\t\t\t\t\t\t\t\t\t\t\t\t\t\t\t\t\t\t\t\t\t\t\t\t\t\t\t\t\t\t\t\t\t\t\t\t\t\t\t\t\t\t\t\t\t\t\t\t\t\t\t\t\t\t\t\t\t\t\t\t<\/ul>\n\t<\/div>\n\t<div class=\"fusion-post-content post-content\"><h2 class=\"blog-shortcode-post-title entry-title\"><a href=\"https:\/\/bw-hh.de\/?p=1234\">Fahrt zur Gedenkst\u00e4tte Auschwitz und Krakau<\/a><\/h2><div class=\"fusion-post-content-container\"><p> IGS Sophie Sondhelm Schule - 55543 Bad Kreuznach\u00a0 \u00a0 \u00a0\/\u00a0 \u00a0\u00a0 11. - 17.05.2025\u00a0 \u00a0 \u00a0\/ \u00a0 Studienfahrt nach Auschwitz und Krakau\u00a0 \u00a0\/ Vom 11. bis 17. Mai 2025 unternahmen 20 Sch\u00fclerinnen und Sch\u00fcler der IGS Sophie Sondhelm eine bedeutende und eindrucksvolle Studienfahrt nach Polen, bei der sie die Gedenkst\u00e4tte Auschwitz sowie Auschwitz-Birkenau besichtigten. In einem zweiten Teil f\u00fchrte [...]<\/p><\/div><\/div><div class=\"fusion-clearfix\"><\/div><div class=\"fusion-meta-info\"><div class=\"fusion-alignleft\">By <span class=\"vcard\"><span class=\"fn\"><a href=\"https:\/\/bw-hh.de\/?author=1\" title=\"Beitr\u00e4ge von admin\" rel=\"author\">admin<\/a><\/span><\/span><span class=\"fusion-inline-sep\">|<\/span><span class=\"updated\" style=\"display:none;\">2025-11-13T09:51:34+00:00<\/span><span>11\/05\/25<\/span><span class=\"fusion-inline-sep\">|<\/span>Categories: <a href=\"https:\/\/bw-hh.de\/?cat=11\" rel=\"category\">Studienfahrt<\/a><span class=\"fusion-inline-sep\">|<\/span><span class=\"fusion-comments\"><a href=\"https:\/\/bw-hh.de\/?p=1234#respond\">0 Comments<\/a><\/span><\/div><div class=\"fusion-alignright\"><a class=\"fusion-read-more\" href=\"https:\/\/bw-hh.de\/?p=1234\" aria-label=\"More on Fahrt zur Gedenkst\u00e4tte Auschwitz und Krakau\">Read More<\/a><\/div><\/div><\/article>\n<article id=\"blog-1-post-1200\" class=\"fusion-post-medium post-1200 post type-post status-publish format-standard has-post-thumbnail hentry category-studienfahrt\">\n\t<style type=\"text\/css\">\n\t\t\n\t\t\n\t\t\n\t\t\n\t\t\t<\/style>\n\n\n\t\t\t<div class=\"fusion-flexslider flexslider fusion-flexslider-loading fusion-post-slideshow\" style=\"\">\n\t\t<ul class=\"slides\">\n\t\t\t\n\t\t\t\t\t\t\t\t\t\t\t\t\t\t<li><div  class=\"fusion-image-wrapper fusion-image-size-fixed\" aria-haspopup=\"true\">\n\t\t\t\t<img decoding=\"async\" width=\"320\" height=\"202\" src=\"https:\/\/bw-hh.de\/wp-content\/uploads\/2025\/07\/PA-2503_001-Aufgang-zur-Gedenkstaette_Home-320x202.jpg\" class=\"attachment-blog-medium size-blog-medium wp-post-image\" alt=\"\" \/><div class=\"fusion-rollover\">\n\t<div class=\"fusion-rollover-content\">\n\n\t\t\t\t\t\t\t\t\t\t\t\t\t\t<a class=\"fusion-rollover-link\" href=\"https:\/\/bw-hh.de\/?p=1200\">Bildungspolitische Fahrt nach Berlin und Weimar<\/a>\n\t\t\t\n\t\t\t\t\t\t\t\t\t\t\t\t\t\t\n\t\t\t\t\t\t\t\t\n\t\t\t\t\t\t\t\t\t\t\t\t\t<div class=\"fusion-rollover-sep\"><\/div>\n\t\t\t\t\n\t\t\t\t\t\t\t\t\t\t\t\t\t\t\t\t\t\t<a class=\"fusion-rollover-gallery\" href=\"https:\/\/bw-hh.de\/wp-content\/uploads\/2025\/07\/PA-2503_001-Aufgang-zur-Gedenkstaette_Home-rotated.jpg\" data-options=\"\" data-id=\"1200\" data-rel=\"iLightbox[gallery]\" data-title=\"PA-2503_001-Aufgang zur Gedenkst\u00e4tte_Home\" data-caption=\"\">\n\t\t\t\t\t\tGallerie\t\t\t\t\t<\/a>\n\t\t\t\t\t\t\t\t\t\t\t\t\t\t\n\t\t\n\t\t\t\t\t\t\t\t\t\t\t\t<h4 class=\"fusion-rollover-title\">\n\t\t\t\t\t<a class=\"fusion-rollover-title-link\" href=\"https:\/\/bw-hh.de\/?p=1200\">\n\t\t\t\t\t\tBildungspolitische Fahrt nach Berlin und Weimar\t\t\t\t\t<\/a>\n\t\t\t\t<\/h4>\n\t\t\t\n\t\t\t\t\t\t\t\t\t\t<div class=\"fusion-rollover-categories\"><a href=\"https:\/\/bw-hh.de\/?cat=11\" rel=\"tag\">Studienfahrt<\/a><\/div>\t\t\t\t\t\n\t\t\n\t\t\t\t\t\t<a class=\"fusion-link-wrapper\" href=\"https:\/\/bw-hh.de\/?p=1200\" aria-label=\"Bildungspolitische Fahrt nach Berlin und Weimar\"><\/a>\n\t<\/div>\n<\/div>\n<\/div>\n<\/li>\n\t\t\t\n\t\t\t\n\t\t\t\t\t\t\t\t\t\t\t\t\t\t\t\t\t\t\t\t\t\t\t\t\t\t\t\t\t\t\t\t\t\t\t\t\t\t\t\t\t\t\t\t\t\t\t\t\t\t\t\t\t\t\t\t\t\t\t\t\t\t\t\t\t\t\t\t<\/ul>\n\t<\/div>\n\t<div class=\"fusion-post-content post-content\"><h2 class=\"blog-shortcode-post-title entry-title\"><a href=\"https:\/\/bw-hh.de\/?p=1200\">Bildungspolitische Fahrt nach Berlin und Weimar<\/a><\/h2><div class=\"fusion-post-content-container\"><p> Paul-Schneider-Gymnasium - 55590 Meisenheim\u00a0 \u00a0 \u00a0\/\u00a0 \u00a0\u00a0 28.04.2025 - 03.05.2025\u00a0 \u00a0 \u00a0\/ \u00a0 Studienfahrt nach Berlin und Weimar\u00a0 \u00a0\/ Die sechst\u00e4gige Fahrt des Paul-Schneider-Gymnasiums nach Berlin und Weimar (28. April\u20133. Mai) wurde von 52 Sch\u00fclerinnen und Sch\u00fclern sowie vier Lehrkr\u00e4ften und einer Betreuerin unternommen. Sie fand als gef\u00f6rderte Bildungs- und Gedenkst\u00e4ttenfahrt statt. Die Fahrt sollte den Teilnehmenden einen vertieften [...]<\/p><\/div><\/div><div class=\"fusion-clearfix\"><\/div><div class=\"fusion-meta-info\"><div class=\"fusion-alignleft\">By <span class=\"vcard\"><span class=\"fn\"><a href=\"https:\/\/bw-hh.de\/?author=1\" title=\"Beitr\u00e4ge von admin\" rel=\"author\">admin<\/a><\/span><\/span><span class=\"fusion-inline-sep\">|<\/span><span class=\"updated\" style=\"display:none;\">2025-11-05T19:00:29+00:00<\/span><span>28\/04\/25<\/span><span class=\"fusion-inline-sep\">|<\/span>Categories: <a href=\"https:\/\/bw-hh.de\/?cat=11\" rel=\"category\">Studienfahrt<\/a><span class=\"fusion-inline-sep\">|<\/span><span class=\"fusion-comments\"><a href=\"https:\/\/bw-hh.de\/?p=1200#respond\">0 Comments<\/a><\/span><\/div><div class=\"fusion-alignright\"><a class=\"fusion-read-more\" href=\"https:\/\/bw-hh.de\/?p=1200\" aria-label=\"More on Bildungspolitische Fahrt nach Berlin und Weimar\">Read More<\/a><\/div><\/div><\/article>\n<article id=\"blog-1-post-1080\" class=\"fusion-post-medium post-1080 post type-post status-publish format-standard has-post-thumbnail hentry category-studienfahrt\">\n\t<style type=\"text\/css\">\n\t\t\n\t\t\n\t\t\n\t\t\n\t\t\t<\/style>\n\n\n\t\t\t<div class=\"fusion-flexslider flexslider fusion-flexslider-loading fusion-post-slideshow\" style=\"\">\n\t\t<ul class=\"slides\">\n\t\t\t\n\t\t\t\t\t\t\t\t\t\t\t\t\t\t<li><div  class=\"fusion-image-wrapper fusion-image-size-fixed\" aria-haspopup=\"true\">\n\t\t\t\t<img decoding=\"async\" width=\"320\" height=\"202\" src=\"https:\/\/bw-hh.de\/wp-content\/uploads\/2025\/06\/PA-2403_002-Beeilt-Euch-zu-lieben_Home-320x202.jpg\" class=\"attachment-blog-medium size-blog-medium wp-post-image\" alt=\"\" \/><div class=\"fusion-rollover\">\n\t<div class=\"fusion-rollover-content\">\n\n\t\t\t\t\t\t\t\t\t\t\t\t\t\t<a class=\"fusion-rollover-link\" href=\"https:\/\/bw-hh.de\/?p=1080\">Wir wollen nicht vergessen &#8211; Studienfahrt nach Auschwitz<\/a>\n\t\t\t\n\t\t\t\t\t\t\t\t\t\t\t\t\t\t\n\t\t\t\t\t\t\t\t\n\t\t\t\t\t\t\t\t\t\t\t\t\t<div class=\"fusion-rollover-sep\"><\/div>\n\t\t\t\t\n\t\t\t\t\t\t\t\t\t\t\t\t\t\t\t\t\t\t<a class=\"fusion-rollover-gallery\" href=\"https:\/\/bw-hh.de\/wp-content\/uploads\/2025\/06\/PA-2403_002-Beeilt-Euch-zu-lieben_Home.jpg\" data-options=\"\" data-id=\"1080\" data-rel=\"iLightbox[gallery]\" data-title=\"PA-2403_002-Beeilt Euch zu lieben_Home\" data-caption=\"\">\n\t\t\t\t\t\tGallerie\t\t\t\t\t<\/a>\n\t\t\t\t\t\t\t\t\t\t\t\t\t\t\n\t\t\n\t\t\t\t\t\t\t\t\t\t\t\t<h4 class=\"fusion-rollover-title\">\n\t\t\t\t\t<a class=\"fusion-rollover-title-link\" href=\"https:\/\/bw-hh.de\/?p=1080\">\n\t\t\t\t\t\tWir wollen nicht vergessen &#8211; Studienfahrt nach Auschwitz\t\t\t\t\t<\/a>\n\t\t\t\t<\/h4>\n\t\t\t\n\t\t\t\t\t\t\t\t\t\t<div class=\"fusion-rollover-categories\"><a href=\"https:\/\/bw-hh.de\/?cat=11\" rel=\"tag\">Studienfahrt<\/a><\/div>\t\t\t\t\t\n\t\t\n\t\t\t\t\t\t<a class=\"fusion-link-wrapper\" href=\"https:\/\/bw-hh.de\/?p=1080\" aria-label=\"Wir wollen nicht vergessen &#8211; Studienfahrt nach Auschwitz\"><\/a>\n\t<\/div>\n<\/div>\n<\/div>\n<\/li>\n\t\t\t\n\t\t\t\n\t\t\t\t\t\t\t\t\t\t\t\t\t\t\t\t\t\t\t\t\t\t\t\t\t\t\t\t\t\t\t\t\t\t\t\t\t\t\t\t\t\t\t\t\t\t\t\t\t\t\t\t\t\t\t\t\t\t\t\t\t\t\t\t\t\t\t\t<\/ul>\n\t<\/div>\n\t<div class=\"fusion-post-content post-content\"><h2 class=\"blog-shortcode-post-title entry-title\"><a href=\"https:\/\/bw-hh.de\/?p=1080\">Wir wollen nicht vergessen &#8211; Studienfahrt nach Auschwitz<\/a><\/h2><div class=\"fusion-post-content-container\"><p> Fachstelle Jugend im Visitationsbezirk Koblenz - 55545 Bad Kreuznach\u00a0 \u00a0 \u00a0\/\u00a0 \u00a0\u00a0 11. - 21.07.2024\u00a0 \u00a0 \u00a0\/ \u00a0 Studienfahrt nach: Dresden - Auschwitz - Krakau - G\u00f6rlitz\u00a0 \u00a0\/ \u201eWir wollen nicht vergessen!\u201c unter diese Motto waren 10 Jugendliche und 4 MitarbeiterInnen im Sommer unterwegs. Einen ausf\u00fchrlichen Bericht kann man\u00a0 \u00a0hier \u00a0 \u00a0als PDF downloaden. In Kirn hatten sich die [...]<\/p><\/div><\/div><div class=\"fusion-clearfix\"><\/div><div class=\"fusion-meta-info\"><div class=\"fusion-alignleft\">By <span class=\"vcard\"><span class=\"fn\"><a href=\"https:\/\/bw-hh.de\/?author=1\" title=\"Beitr\u00e4ge von admin\" rel=\"author\">admin<\/a><\/span><\/span><span class=\"fusion-inline-sep\">|<\/span><span class=\"updated\" style=\"display:none;\">2025-11-05T19:01:10+00:00<\/span><span>11\/07\/24<\/span><span class=\"fusion-inline-sep\">|<\/span>Categories: <a href=\"https:\/\/bw-hh.de\/?cat=11\" rel=\"category\">Studienfahrt<\/a><span class=\"fusion-inline-sep\">|<\/span><span class=\"fusion-comments\"><a href=\"https:\/\/bw-hh.de\/?p=1080#respond\">0 Comments<\/a><\/span><\/div><div class=\"fusion-alignright\"><a class=\"fusion-read-more\" href=\"https:\/\/bw-hh.de\/?p=1080\" aria-label=\"More on Wir wollen nicht vergessen &#8211; Studienfahrt nach Auschwitz\">Read More<\/a><\/div><\/div><\/article>\n<\/div><div class=\"pagination clearfix\"><span class=\"current\">1<\/span><a href=\"https:\/\/bw-hh.de\/index.php?rest_route=%2Fwp%2Fv2%2Fpages%2F203&#038;paged=2\" class=\"inactive\">2<\/a><a class=\"pagination-next\" rel=\"next\" href=\"https:\/\/bw-hh.de\/index.php?rest_route=%2Fwp%2Fv2%2Fpages%2F203&#038;paged=2\"><span class=\"page-text\">Vor<\/span><span class=\"page-next\"><\/span><\/a><\/div><div class=\"fusion-clearfix\"><\/div><\/div>\n<\/div><\/div><\/div><\/div>\n","protected":false},"excerpt":{"rendered":"","protected":false},"author":1,"featured_media":0,"parent":0,"menu_order":0,"comment_status":"closed","ping_status":"closed","template":"100-width.php","meta":{"footnotes":""},"class_list":["post-203","page","type-page","status-publish","hentry"],"_links":{"self":[{"href":"https:\/\/bw-hh.de\/index.php?rest_route=\/wp\/v2\/pages\/203","targetHints":{"allow":["GET"]}}],"collection":[{"href":"https:\/\/bw-hh.de\/index.php?rest_route=\/wp\/v2\/pages"}],"about":[{"href":"https:\/\/bw-hh.de\/index.php?rest_route=\/wp\/v2\/types\/page"}],"author":[{"embeddable":true,"href":"https:\/\/bw-hh.de\/index.php?rest_route=\/wp\/v2\/users\/1"}],"replies":[{"embeddable":true,"href":"https:\/\/bw-hh.de\/index.php?rest_route=%2Fwp%2Fv2%2Fcomments&post=203"}],"version-history":[{"count":36,"href":"https:\/\/bw-hh.de\/index.php?rest_route=\/wp\/v2\/pages\/203\/revisions"}],"predecessor-version":[{"id":981,"href":"https:\/\/bw-hh.de\/index.php?rest_route=\/wp\/v2\/pages\/203\/revisions\/981"}],"wp:attachment":[{"href":"https:\/\/bw-hh.de\/index.php?rest_route=%2Fwp%2Fv2%2Fmedia&parent=203"}],"curies":[{"name":"wp","href":"https:\/\/api.w.org\/{rel}","templated":true}]}}